{"id":615,"date":"2013-06-19T21:30:36","date_gmt":"2013-06-19T19:30:36","guid":{"rendered":"http:\/\/www.macguffin.at\/?page_id=615"},"modified":"2026-03-30T01:43:40","modified_gmt":"2026-03-29T23:43:40","slug":"aktuelles-programm","status":"publish","type":"page","link":"http:\/\/www.macguffin.at\/?page_id=615","title":{"rendered":"Aktuelles Programm"},"content":{"rendered":"<p><a href=\"https:\/\/de.wikipedia.org\/wiki\/Pedro_Almod%C3%B3var\"><img loading=\"lazy\" decoding=\"async\" class=\"alignnone size-full wp-image-2324\" src=\"http:\/\/www.macguffin.at\/wp-content\/uploads\/2025\/05\/00-pedro-almodovar.jpg\" alt=\"\" width=\"700\" height=\"525\" \/><\/a><\/p>\n<p>&nbsp;<\/p>\n<h1>MacGuffin pr\u00e4sentiert<\/h1>\n<p>&nbsp;<\/p>\n<h1>EYES ON &#8230; Pedro Almod\u00f3var<\/h1>\n<h2>Das Gespenst der Leidenschaft<\/h2>\n<p>&nbsp;<\/p>\n<h2>Teil II : Die zentralen Jahre<\/h2>\n<p>&nbsp;<\/p>\n<h2>01. April bis 20. Mai 2026<\/h2>\n<p>&nbsp;<\/p>\n<h2>im Atelier 12<\/h2>\n<h2>(M\u00fcnzgrabenstra\u00dfe 24 \/ 8010 Graz)<\/h2>\n<p>&nbsp;<\/p>\n<h2>***<\/h2>\n<p>&nbsp;<\/p>\n<h3>MI, 01. April 2026 (19:15 Uhr)<\/h3>\n<h2><a href=\"https:\/\/www.uncut.at\/movies\/film.php?movie_id=3729\" target=\"_blank\" rel=\"noopener\">HIGH HEELS &#8211; DIE WAFFEN EINER FRAU<\/a><\/h2>\n<h3>(TACONES LEJANOS)<\/h3>\n<p><a href=\"https:\/\/de.wikipedia.org\/wiki\/High_Heels_(Film)\"><img loading=\"lazy\" decoding=\"async\" class=\"alignnone size-full wp-image-2324\" src=\"http:\/\/www.macguffin.at\/wp-content\/uploads\/2026\/03\/01-high-heels.jpg\" alt=\"\" width=\"1500\" height=\"425\" \/><\/a><\/p>\n<h3>ESP &#8211; 1991 \/ 110 min. (OmU)<\/h3>\n<h3>Drehbuch: Pedro Almod\u00f3var<\/h3>\n<h3>mit Victoria Abril, Marisa Paredes, Miguel Bos\u00e9, F\u00e9odor Atkine, Miriam D\u00edaz Aroca u.a.<\/h3>\n<p><a style=\"display: inline-block; background: #000; color: #fff; font-size: 1rem; padding: .125rem 1rem; margin-top: .25rem;\" href=\"https:\/\/youtu.be\/dh5U-nRbLc4?si=CZjk5Bkj7sX9MPXD\" target=\"_blank\" rel=\"noopener\">Trailer<\/a><\/p>\n<h2>***<\/h2>\n<p>&nbsp;<\/p>\n<h3>MI, 08. April 2026 (19:15 Uhr)<\/h3>\n<h2><a href=\"https:\/\/www.uncut.at\/movies\/film.php?movie_id=4272\" target=\"_blank\" rel=\"noopener\">KIKA<\/a><\/h2>\n<h3>(S\/T)<\/h3>\n<p><a href=\"https:\/\/de.wikipedia.org\/wiki\/Kika_(1993)\"><img loading=\"lazy\" decoding=\"async\" class=\"alignnone size-full wp-image-2324\" src=\"http:\/\/www.macguffin.at\/wp-content\/uploads\/2026\/03\/02-kika.jpg\" alt=\"\" width=\"1500\" height=\"425\" \/><\/a><\/p>\n<h3>ESP \/ FRA &#8211; 1993 \/ 110 min.<\/h3>\n<h3>Drehbuch: Pedro Almod\u00f3var<\/h3>\n<h3>mit Ver\u00f3nica Forqu\u00e9, \u00c1lex Casanovas, Peter Coyote, Victoria Abril, Rossy de Palma u.a.<\/h3>\n<p><a style=\"display: inline-block; background: #000; color: #fff; font-size: 1rem; padding: .125rem 1rem; margin-top: .25rem;\" href=\"https:\/\/www.youtube.com\/watch?v=dK9qQ9w_Gww\" target=\"_blank\" rel=\"noopener\">Trailer<\/a><\/p>\n<h2>***<\/h2>\n<p>&nbsp;<\/p>\n<h3>MI, 15. April 2026 (19:15 Uhr)<\/h3>\n<h2><a href=\"https:\/\/www.uncut.at\/movies\/film.php?movie_id=4271\" target=\"_blank\" rel=\"noopener\">MEIN BL\u00dcHENDES GEHEIMNIS<\/a><\/h2>\n<h3>(LA FLOR DE MI SECRETO)<\/h3>\n<p><a href=\"https:\/\/de.wikipedia.org\/wiki\/Mein_bl%C3%BChendes_Geheimnis\"><img loading=\"lazy\" decoding=\"async\" class=\"alignnone size-full wp-image-2324\" src=\"http:\/\/www.macguffin.at\/wp-content\/uploads\/2026\/03\/03-mein-bluehendes-geheimnis.jpg\" alt=\"\" width=\"1500\" height=\"425\" \/><\/a><\/p>\n<h3>ESP \/ FRA &#8211; 1995 \/ 102 min. (OmU)<\/h3>\n<h3>Drehbuch: Pedro Almod\u00f3var<\/h3>\n<h3>mit Marisa Paredes, Juan Echanove, Carmen El\u00edas, Rossy de Palma, Chus Lampreave u.a.<\/h3>\n<p><a style=\"display: inline-block; background: #000; color: #fff; font-size: 1rem; padding: .125rem 1rem; margin-top: .25rem;\" href=\"https:\/\/youtu.be\/t2rKDl1b86E?si=ZolxeQgCUYraQRQD\" target=\"_blank\" rel=\"noopener\">Trailer<\/a><\/p>\n<h2>***<\/h2>\n<p>&nbsp;<\/p>\n<h3>MI, 22. April 2026 (19:15 Uhr)<\/h3>\n<h2><a href=\"https:\/\/www.uncut.at\/movies\/film.php?movie_id=1466\" target=\"_blank\" rel=\"noopener\">LIVE FLESH &#8211; MIT HAUT UND HAAR<\/a><\/h2>\n<h3>(CARNE TR\u00c9MULA)<\/h3>\n<p><a href=\"https:\/\/de.wikipedia.org\/wiki\/Live_Flesh_%E2%80%93_Mit_Haut_und_Haar\"><img loading=\"lazy\" decoding=\"async\" class=\"alignnone size-full wp-image-2324\" src=\"http:\/\/www.macguffin.at\/wp-content\/uploads\/2026\/03\/04-live-flesh.jpg\" alt=\"\" width=\"1500\" height=\"425\" \/><\/a><\/p>\n<h3>ESP \/ FRA &#8211; 1997 \/ 97 min. (OmU)<\/h3>\n<h3>Drehbuch: Pedro Almod\u00f3var u. Ray Loriga (n. d. Roman \u201eGold Dagger\u201c v. Ruth Rendell)<\/h3>\n<h3>mit Liberto Rabal, Francesca Neri, Javier Bardem, \u00c1ngela Molina, Jos\u00e9 Sancho u.a.<\/h3>\n<p><a style=\"display: inline-block; background: #000; color: #fff; font-size: 1rem; padding: .125rem 1rem; margin-top: .25rem;\" href=\"https:\/\/youtu.be\/R2cXd-gB0B0?si=XvumDQBitE0vzljb\" target=\"_blank\" rel=\"noopener\">Trailer<\/a><\/p>\n<h2>***<\/h2>\n<p>&nbsp;<\/p>\n<h3>MI, 29. April 2026 (19:15 Uhr)<\/h3>\n<h2><a href=\"https:\/\/www.uncut.at\/movies\/film.php?movie_id=4270\" target=\"_blank\" rel=\"noopener\">ALLES \u00dcBER MEINE MUTTER<\/a><\/h2>\n<h3>(TODO SOBRE MI MADRE)<\/h3>\n<p><a href=\"https:\/\/de.wikipedia.org\/wiki\/Alles_%C3%BCber_meine_Mutter\"><img loading=\"lazy\" decoding=\"async\" class=\"alignnone size-full wp-image-2324\" src=\"http:\/\/www.macguffin.at\/wp-content\/uploads\/2026\/03\/05-alles-ueber-meine-mutter.jpg\" alt=\"\" width=\"1500\" height=\"425\" \/><\/a><\/p>\n<h3>ESP \/ FRA &#8211; 1999 \/ 98 min. (OmU)<\/h3>\n<h3>Drehbuch: Pedro Almod\u00f3var<\/h3>\n<h3>mit Cecilia Roth, Marisa Paredes, Antonia San Juan, Candela Pe\u00f1a, Pen\u00e9lope Cruz u.a.<\/h3>\n<p><a style=\"display: inline-block; background: #000; color: #fff; font-size: 1rem; padding: .125rem 1rem; margin-top: .25rem;\" href=\"https:\/\/youtu.be\/5Va7Z7O-LMc?si=3WVYIXf10FtqD1ty\" target=\"_blank\" rel=\"noopener\">Trailer<\/a><\/p>\n<h2>***<\/h2>\n<p>&nbsp;<\/p>\n<h3>MI, 06. Mai 2026 (19:15 Uhr)<\/h3>\n<h2><a href=\"https:\/\/www.uncut.at\/movies\/film.php?movie_id=181\" target=\"_blank\" rel=\"noopener\">SPRICH MIT IHR<\/a><\/h2>\n<h3>(HABLE CON ELLA)<\/h3>\n<p><a href=\"https:\/\/de.wikipedia.org\/wiki\/Sprich_mit_ihr\"><img loading=\"lazy\" decoding=\"async\" class=\"alignnone size-full wp-image-2324\" src=\"http:\/\/www.macguffin.at\/wp-content\/uploads\/2026\/03\/06-sprich-mit-ihr.jpg\" alt=\"\" width=\"1500\" height=\"425\" \/><\/a><\/p>\n<h3>ESP &#8211; 2002 \/ 109 min. (OmU)<\/h3>\n<h3>Drehbuch: Pedro Almod\u00f3var<\/h3>\n<h3>mit Javier C\u00e1mara, Dar\u00edo Grandinetti, Leonor Watling, Rosario Flores, Mariola Fuentes u.a.<\/h3>\n<p><a style=\"display: inline-block; background: #000; color: #fff; font-size: 1rem; padding: .125rem 1rem; margin-top: .25rem;\" href=\"https:\/\/youtu.be\/7fl8tyEIXXI?si=VmwY7UzzpIpNmQw7\" target=\"_blank\" rel=\"noopener\">Trailer<\/a><\/p>\n<h2>***<\/h2>\n<p>&nbsp;<\/p>\n<h3>MI, 13. Mai 2026 (19:15 Uhr)<\/h3>\n<h2><a href=\"https:\/\/www.uncut.at\/movies\/film.php?movie_id=1058\" target=\"_blank\" rel=\"noopener\">LA MALA EDUCACI\u00d3N &#8211; SCHLECHTE ERZIEHUNG<\/a><\/h2>\n<h3>(LA MALA EDUCACI\u00d3N)<\/h3>\n<p><a href=\"https:\/\/de.wikipedia.org\/wiki\/La_mala_educaci%C3%B3n_%E2%80%93_Schlechte_Erziehung\"><img loading=\"lazy\" decoding=\"async\" class=\"alignnone size-full wp-image-2324\" src=\"http:\/\/www.macguffin.at\/wp-content\/uploads\/2026\/03\/07-la-mala-educacion.jpg\" alt=\"\" width=\"1500\" height=\"425\" \/><\/a><\/p>\n<h3>ESP &#8211; 2004 \/ 106 min. (OmU)<\/h3>\n<h3>Drehbuch: Pedro Almod\u00f3var<\/h3>\n<h3>mit Gael Garc\u00eda Bernal, Fele Mart\u00ednez, Daniel Gim\u00e9nez Cacho, Lluis Homar, Javier C\u00e1mara u.a.<\/h3>\n<p><a style=\"display: inline-block; background: #000; color: #fff; font-size: 1rem; padding: .125rem 1rem; margin-top: .25rem;\" href=\"https:\/\/youtu.be\/yZbL1YWgSxI?si=MekkDpxFSRYrWXKM\" target=\"_blank\" rel=\"noopener\">Trailer<\/a><\/p>\n<h2>***<\/h2>\n<p>&nbsp;<\/p>\n<h3>MI, 20. Mai 2026 (19:15 Uhr)<\/h3>\n<h2><a href=\"https:\/\/www.uncut.at\/movies\/film.php?movie_id=2091\" target=\"_blank\" rel=\"noopener\">VOLVER &#8211; ZUR\u00dcCKKEHREN<\/a><\/h2>\n<h3>(VOLVER)<\/h3>\n<p><a href=\"https:\/\/de.wikipedia.org\/wiki\/Volver_%E2%80%93_Zur%C3%BCckkehren\"><img loading=\"lazy\" decoding=\"async\" class=\"alignnone size-full wp-image-2324\" src=\"http:\/\/www.macguffin.at\/wp-content\/uploads\/2026\/03\/08-volver.jpg\" alt=\"\" width=\"1500\" height=\"425\" \/><\/a><\/p>\n<h3>ESP &#8211; 2006 \/ 117 min. (OmU)<\/h3>\n<h3>Drehbuch: Pedro Almod\u00f3var<\/h3>\n<h3>mit Pen\u00e9lope Cruz, Carmen Maura, Lola Due\u00f1as, Blanca Portillo, Yohana Cobo u.a.<\/h3>\n<p><a style=\"display: inline-block; background: #000; color: #fff; font-size: 1rem; padding: .125rem 1rem; margin-top: .25rem;\" href=\"https:\/\/youtu.be\/6iQ7MI_MhGQ?si=db8ZtXDGRS01_cY1\" target=\"_blank\" rel=\"noopener\">Trailer<\/a><\/p>\n<h2>***<\/h2>\n<p>&nbsp;<\/p>\n","protected":false},"excerpt":{"rendered":"<p>&nbsp; MacGuffin pr\u00e4sentiert &nbsp; EYES ON &#8230; Pedro Almod\u00f3var Das Gespenst der Leidenschaft &nbsp; Teil II : Die zentralen Jahre &nbsp; 01. April bis 20. Mai 2026 &nbsp; im Atelier 12 (M\u00fcnzgrabenstra\u00dfe 24 \/ 8010 Graz) &nbsp; *** &nbsp; MI, 01. April 2026 (19:15 Uhr) HIGH HEELS &#8211; DIE WAFFEN EINER FRAU (TACONES LEJANOS) ESP [&hellip;]<\/p>\n","protected":false},"author":2,"featured_media":0,"parent":0,"menu_order":0,"comment_status":"closed","ping_status":"closed","template":"","meta":{"footnotes":""},"class_list":["post-615","page","type-page","status-publish","hentry"],"_links":{"self":[{"href":"http:\/\/www.macguffin.at\/index.php?rest_route=\/wp\/v2\/pages\/615","targetHints":{"allow":["GET"]}}],"collection":[{"href":"http:\/\/www.macguffin.at\/index.php?rest_route=\/wp\/v2\/pages"}],"about":[{"href":"http:\/\/www.macguffin.at\/index.php?rest_route=\/wp\/v2\/types\/page"}],"author":[{"embeddable":true,"href":"http:\/\/www.macguffin.at\/index.php?rest_route=\/wp\/v2\/users\/2"}],"replies":[{"embeddable":true,"href":"http:\/\/www.macguffin.at\/index.php?rest_route=%2Fwp%2Fv2%2Fcomments&post=615"}],"version-history":[{"count":552,"href":"http:\/\/www.macguffin.at\/index.php?rest_route=\/wp\/v2\/pages\/615\/revisions"}],"predecessor-version":[{"id":3330,"href":"http:\/\/www.macguffin.at\/index.php?rest_route=\/wp\/v2\/pages\/615\/revisions\/3330"}],"wp:attachment":[{"href":"http:\/\/www.macguffin.at\/index.php?rest_route=%2Fwp%2Fv2%2Fmedia&parent=615"}],"curies":[{"name":"wp","href":"https:\/\/api.w.org\/{rel}","templated":true}]}}