{"id":1917,"date":"2018-04-10T08:01:16","date_gmt":"2018-04-10T06:01:16","guid":{"rendered":"http:\/\/www.macguffin.at\/?page_id=1917"},"modified":"2018-04-10T08:49:18","modified_gmt":"2018-04-10T06:49:18","slug":"about-us","status":"publish","type":"page","link":"http:\/\/www.macguffin.at\/?page_id=1917","title":{"rendered":"ABOUT US"},"content":{"rendered":"<p>Die Geschichte von <strong>MACGUFFIN<\/strong> beginnt schon 1995 (ein Jahr vor seiner Gr\u00fcndung), da die &#8222;treibenden Kr\u00e4fte&#8220; des Vereins (A. Heimo Sver, Mario Schwarzl und Richard Stradner+) bereits in ihrer Funktion als Filmreferenten des <strong>FORUM STADTPARK<\/strong> eine kreative Linie verfolgten, die konsequent \u2013 inhaltlich wie formal \u2013 zur Gr\u00fcndung von <strong>MACGUFFIN<\/strong> Ende 1996 f\u00fchrte.<\/p>\n<p>Die T\u00e4tigkeit des Vereins liegt in der F\u00f6rderung und Vermittlung sequenzieller Kunst, mit dem Schwerpunkt FILM \u2013 ohne Zuweisung in diverse, hinl\u00e4nglich bekannte Genre- und\/oder Publikums-Schubladen. Was z\u00e4hlt, ist allein die Qualit\u00e4t des einzelnen Werkes \/ K\u00fcnstlers bzw. sein gesellschaftspolitischer Stellenwert im Hier und Heute. Anvisiert wird dabei die Vielfalt des Pr\u00e4sentierten bzw. Produzierten (mit gr\u00f6\u00dftm\u00f6glicher Offenheit f\u00fcr unterschiedlichste Ausdrucksformen), die Vielfalt k\u00fcnstlerischer Sparten und deren Kombination. Und \u2013 nicht zuletzt \u2013 die Vielfalt des angesprochenen Publikums.<\/p>\n<p><h3 style=\"text-align: left;\"><a href=\"http:\/\/www.macguffin.at\/?page_id=1912\">* IMPRINT<\/a><\/h3>\n<h3 style=\"text-align: left;\"><a href=\"http:\/\/www.macguffin.at\/?page_id=1925\">* TEAM<\/a><\/h3>\n","protected":false},"excerpt":{"rendered":"<p>Die Geschichte von MACGUFFIN beginnt schon 1995 (ein Jahr vor seiner Gr\u00fcndung), da die &#8222;treibenden Kr\u00e4fte&#8220; des Vereins (A. Heimo Sver, Mario Schwarzl und Richard Stradner+) bereits in ihrer Funktion als Filmreferenten des FORUM STADTPARK eine kreative Linie verfolgten, die konsequent \u2013 inhaltlich wie formal \u2013 zur Gr\u00fcndung von MACGUFFIN Ende 1996 f\u00fchrte. Die T\u00e4tigkeit [&hellip;]<\/p>\n","protected":false},"author":4,"featured_media":0,"parent":0,"menu_order":0,"comment_status":"closed","ping_status":"closed","template":"page_f.php","meta":{"footnotes":""},"class_list":["post-1917","page","type-page","status-publish","hentry"],"_links":{"self":[{"href":"http:\/\/www.macguffin.at\/index.php?rest_route=\/wp\/v2\/pages\/1917","targetHints":{"allow":["GET"]}}],"collection":[{"href":"http:\/\/www.macguffin.at\/index.php?rest_route=\/wp\/v2\/pages"}],"about":[{"href":"http:\/\/www.macguffin.at\/index.php?rest_route=\/wp\/v2\/types\/page"}],"author":[{"embeddable":true,"href":"http:\/\/www.macguffin.at\/index.php?rest_route=\/wp\/v2\/users\/4"}],"replies":[{"embeddable":true,"href":"http:\/\/www.macguffin.at\/index.php?rest_route=%2Fwp%2Fv2%2Fcomments&post=1917"}],"version-history":[{"count":8,"href":"http:\/\/www.macguffin.at\/index.php?rest_route=\/wp\/v2\/pages\/1917\/revisions"}],"predecessor-version":[{"id":1941,"href":"http:\/\/www.macguffin.at\/index.php?rest_route=\/wp\/v2\/pages\/1917\/revisions\/1941"}],"wp:attachment":[{"href":"http:\/\/www.macguffin.at\/index.php?rest_route=%2Fwp%2Fv2%2Fmedia&parent=1917"}],"curies":[{"name":"wp","href":"https:\/\/api.w.org\/{rel}","templated":true}]}}